{"id":284,"date":"2014-08-01T08:59:05","date_gmt":"2014-08-01T06:59:05","guid":{"rendered":"http:\/\/maiteduran.es.mialias.net\/quien-soy-2\/"},"modified":"2026-03-13T18:15:03","modified_gmt":"2026-03-13T17:15:03","slug":"qui-soc-psicoterapeuta-i-psicologa-coach","status":"publish","type":"page","link":"https:\/\/maiteduran.es\/ca\/qui-soc-psicoterapeuta-i-psicologa-coach\/","title":{"rendered":"Qui s\u00f3c?"},"content":{"rendered":"\n<div class=\"wp-block-group alignwide is-nowrap is-layout-flex wp-container-core-group-is-layout-d6ca55a3 wp-block-group-is-layout-flex wpbbe-1\" style=\"border-radius:0px;margin-top:0;margin-bottom:0\">\n<div class=\"wp-block-group wp-container-content-0733e5d0 is-vertical is-layout-flex wp-container-core-group-is-layout-fe9cc265 wp-block-group-is-layout-flex\">\n<figure class=\"wp-block-image size-full is-style-default\"><img loading=\"lazy\" decoding=\"async\" width=\"545\" height=\"349\" src=\"https:\/\/maiteduran.es\/wp-content\/uploads\/2014\/09\/psicoterapia-maiteduran.jpg\" alt=\"\" class=\"wp-image-494\" style=\"aspect-ratio:1;object-fit:cover\" srcset=\"https:\/\/maiteduran.es\/wp-content\/uploads\/2014\/09\/psicoterapia-maiteduran.jpg 545w, https:\/\/maiteduran.es\/wp-content\/uploads\/2014\/09\/psicoterapia-maiteduran-300x192.jpg 300w\" sizes=\"auto, (max-width: 545px) 100vw, 545px\" \/><\/figure>\n\n\n\n<div style=\"height:0px\" aria-hidden=\"true\" class=\"wp-block-spacer wp-container-content-d613cd94\"><\/div>\n\n\n\n<blockquote class=\"wp-block-quote alignwide is-layout-flow wp-block-quote-is-layout-flow\">\n<h3 class=\"wp-block-heading has-custom-blau-maite-color has-text-color has-link-color wp-elements-727a658fca1c5f077918899c4206a3c2\">Les meves paraules:<\/h3>\n\n\n\n<p>Aqu\u00ed i ara, esfor\u00e7, escolta, const\u00e0ncia, estimar, lluitar, acci\u00f3, somriure, motivaci\u00f3, respecte, alegria, repte, passi\u00f3, vida.<\/p>\n<\/blockquote>\n<\/div>\n\n\n\n<div class=\"wp-block-group wp-container-content-0733e5d0 is-vertical is-content-justification-stretch is-layout-flex wp-container-core-group-is-layout-5621715d wp-block-group-is-layout-flex\">\n<div class=\"wp-block-group has-global-padding is-layout-constrained wp-block-group-is-layout-constrained\">\n<p>M&#8217;apassiona el que faig. La vida en si mateixa i les persones que la conformen s\u00f3n la meva principal font de motivaci\u00f3. Em considero una persona inquieta, cosa que m&#8217;impulsa a seguir aprenent i creixent dia a dia. La meva curiositat em porta a aprofundir els processos de canvi que es produeixen al llarg del cicle vital a tots els nivells.<br><br>Tot aix\u00f2 es tradueix en una <mark style=\"background-color:rgba(0, 0, 0, 0)\" class=\"has-inline-color has-custom-fosc-color\"><strong>vocaci\u00f3<\/strong><\/mark> clara: acompanyar les persones en els processos de canvi. Poder formar part d&#8217;aquells moments importants a la vida dels que acudeixen a consulta \u00e9s una cosa que visc com un privilegi. Cada proc\u00e9s compartit tamb\u00e9 \u00e9s una oportunitat d&#8217;aprenentatge i creixement personal.<br><br>Continuo aprofundint en el coneixement sobre les persones i tamb\u00e9 sobre mi mateixa, cosa que m&#8217;impulsa a continuar formant-me i evolucionant tant a nivell personal com professional.<br><br>Si alguna cosa m&#8217;agrada \u2014a la vida i a la meva feina\u2014 \u00e9s deixar-me sorprendre per les persones i pel que passa en els seus processos. Aquesta experi\u00e8ncia refor\u00e7a cada dia m\u00e9s la meva confian\u00e7a en la <mark style=\"background-color:rgba(0, 0, 0, 0)\" class=\"has-inline-color has-custom-fosc-color\"><strong>capacitat de canvi<\/strong><\/mark> que tots portem a dins i en la <mark style=\"background-color:rgba(0, 0, 0, 0)\" class=\"has-inline-color has-custom-fosc-color\"><strong>for\u00e7a<\/strong><\/mark> que cada persona pot descobrir quan troba un espai adequat per fer-ho.<\/p>\n\n\n\n<div class=\"wp-block-group has-global-padding is-layout-constrained wp-container-core-group-is-layout-c61ebe33 wp-block-group-is-layout-constrained\" style=\"margin-top:var(--wp--preset--spacing--bbe-90)\">\n<div class=\"wp-block-group is-content-justification-left is-nowrap is-layout-flex wp-container-core-group-is-layout-ad4b94bc wp-block-group-is-layout-flex\">\n<h4 class=\"wp-block-heading has-text-align-left has-bbe-primary-600-color has-text-color has-bbe-title-4-font-size wpbbe__flex-item-prevent-shrinking\" style=\"font-style:normal;font-weight:600;line-height:1\">25+<\/h4>\n\n\n\n<h4 class=\"wp-block-heading has-bbe-neutral-950-color has-text-color has-link-color has-bbe-x-large-font-size wp-elements-42683dc99293f5afc793fba5280518e8\">Anys d&#8217;experi\u00e8ncia<\/h4>\n<\/div>\n\n\n\n<div class=\"wp-block-group is-content-justification-left is-nowrap is-layout-flex wp-container-core-group-is-layout-ad4b94bc wp-block-group-is-layout-flex\">\n<h4 class=\"wp-block-heading has-text-align-left has-bbe-primary-600-color has-text-color has-bbe-title-4-font-size\" style=\"font-style:normal;font-weight:600;line-height:1\">30.000+<\/h4>\n\n\n\n<h4 class=\"wp-block-heading has-bbe-neutral-950-color has-text-color has-link-color has-bbe-x-large-font-size wp-elements-6bf5a2563c65d4dc51e56bf91952213b\">Sessions d&#8217;acompanyament a pacients<\/h4>\n<\/div>\n<\/div>\n<\/div>\n<\/div>\n<\/div>\n\n\n\n<div class=\"wp-block-group alignfull has-background has-global-padding is-layout-constrained wp-container-core-group-is-layout-31d25219 wp-block-group-is-layout-constrained\" id=\"who\" style=\"border-radius:0px;background:linear-gradient(180deg,rgb(245,249,250) 2%,rgba(255,255,255,0) 56%);margin-top:var(--wp--preset--spacing--bbe-80);margin-bottom:var(--wp--preset--spacing--bbe-80);padding-top:80px;padding-bottom:20px\">\n<div class=\"wp-block-columns alignwide is-layout-flex wp-container-core-columns-is-layout-28f84493 wp-block-columns-is-layout-flex wpbbe-2\">\n<div class=\"wp-block-column is-layout-flow wp-block-column-is-layout-flow\">\n<h3 class=\"wp-block-heading has-text-align-center has-bbe-neutral-900-color has-text-color has-link-color has-bbe-title-3-font-size wp-elements-838584178fbf8e3e18da5ef2418ff891\">Diplomes i certificats<\/h3>\n<\/div>\n<\/div>\n\n\n\n<div class=\"wp-block-columns is-layout-flex wp-container-core-columns-is-layout-28f84493 wp-block-columns-is-layout-flex wpbbe-3\">\n<div class=\"wp-block-column is-layout-flow wp-block-column-is-layout-flow\">\n<figure class=\"wp-block-image aligncenter size-full\"><img loading=\"lazy\" decoding=\"async\" width=\"134\" height=\"60\" src=\"https:\/\/maiteduran.es\/wp-content\/uploads\/2016\/07\/11609-maite-duran.jpg\" alt=\"\" class=\"wp-image-499\" style=\"object-fit:cover\"\/><\/figure>\n\n\n\n<p class=\"has-text-align-center\">Col\u00b7legi Oficial de Psicologia de Catalunya<\/p>\n<\/div>\n\n\n\n<div class=\"wp-block-column is-layout-flow wp-block-column-is-layout-flow\">\n<figure class=\"wp-block-image aligncenter size-full\"><img loading=\"lazy\" decoding=\"async\" width=\"134\" height=\"60\" src=\"https:\/\/maiteduran.es\/wp-content\/uploads\/2016\/07\/EACR-IR-institut-relacional.jpg\" alt=\"\" class=\"wp-image-500\" style=\"object-fit:cover\"\/><\/figure>\n\n\n\n<p class=\"has-text-align-center\">Especialista Acreditado Coaching Relacional &#8211; Instituto Relacional<\/p>\n<\/div>\n\n\n\n<div class=\"wp-block-column is-layout-flow wp-block-column-is-layout-flow\">\n<figure class=\"wp-block-image aligncenter size-full is-resized\"><img loading=\"lazy\" decoding=\"async\" width=\"134\" height=\"100\" src=\"https:\/\/maiteduran.es\/wp-content\/uploads\/2018\/06\/SOCLOG1L-1.jpg\" alt=\"\" class=\"wp-image-614\" style=\"width:auto;height:100px\"\/><\/figure>\n\n\n\n<p class=\"has-text-align-center\">Programaci\u00f3 Neuroling\u00fc\u00edstica<\/p>\n<\/div>\n\n\n\n<div class=\"wp-block-column is-layout-flow wp-block-column-is-layout-flow\">\n<figure class=\"wp-block-image aligncenter size-full is-resized\"><img loading=\"lazy\" decoding=\"async\" width=\"134\" height=\"100\" src=\"https:\/\/maiteduran.es\/wp-content\/uploads\/2018\/06\/SOCLOG2S-2.jpg\" alt=\"\" class=\"wp-image-613\" style=\"width:auto;height:100px\"\/><\/figure>\n\n\n\n<p class=\"has-text-align-center\">Programaci\u00f3 Neuroling\u00fc\u00edstica<\/p>\n<\/div>\n<\/div>\n\n\n\n<div class=\"wp-block-columns is-layout-flex wp-container-core-columns-is-layout-28f84493 wp-block-columns-is-layout-flex wpbbe-4\">\n<div class=\"wp-block-column is-layout-flow wp-block-column-is-layout-flow\">\n<figure class=\"wp-block-image aligncenter size-full is-resized\"><img loading=\"lazy\" decoding=\"async\" width=\"290\" height=\"173\" src=\"https:\/\/maiteduran.es\/wp-content\/uploads\/2026\/03\/EFPA.png\" alt=\"\" class=\"wp-image-25021\" style=\"aspect-ratio:1.676449187484841;object-fit:cover;width:auto;height:100px\"\/><\/figure>\n\n\n\n<p class=\"has-text-align-center\">European Federation <br>of Psychologists&#8217; Associations<\/p>\n<\/div>\n\n\n\n<div class=\"wp-block-column is-layout-flow wp-block-column-is-layout-flow\">\n<figure class=\"wp-block-image aligncenter size-full is-resized\"><img loading=\"lazy\" decoding=\"async\" width=\"300\" height=\"168\" src=\"https:\/\/maiteduran.es\/wp-content\/uploads\/2026\/03\/logo-EUROPSY-01.jpg\" alt=\"\" class=\"wp-image-25022\" style=\"width:auto;height:100px\"\/><\/figure>\n\n\n\n<p class=\"has-text-align-center\">European Certificate <br>in Psychology<\/p>\n<\/div>\n\n\n\n<div class=\"wp-block-column is-layout-flow wp-block-column-is-layout-flow\">\n<figure class=\"wp-block-image aligncenter size-full is-resized\"><img loading=\"lazy\" decoding=\"async\" width=\"1080\" height=\"1080\" src=\"https:\/\/maiteduran.es\/wp-content\/uploads\/2026\/03\/EMDR-EUROPE.png\" alt=\"\" class=\"wp-image-25023\" style=\"width:auto;height:100px\" srcset=\"https:\/\/maiteduran.es\/wp-content\/uploads\/2026\/03\/EMDR-EUROPE.png 1080w, https:\/\/maiteduran.es\/wp-content\/uploads\/2026\/03\/EMDR-EUROPE-300x300.png 300w, https:\/\/maiteduran.es\/wp-content\/uploads\/2026\/03\/EMDR-EUROPE-1024x1024.png 1024w, https:\/\/maiteduran.es\/wp-content\/uploads\/2026\/03\/EMDR-EUROPE-150x150.png 150w, https:\/\/maiteduran.es\/wp-content\/uploads\/2026\/03\/EMDR-EUROPE-768x768.png 768w\" sizes=\"auto, (max-width: 1080px) 100vw, 1080px\" \/><\/figure>\n\n\n\n<p class=\"has-text-align-center\">EMDR <br>Europe<\/p>\n<\/div>\n\n\n\n<div class=\"wp-block-column is-layout-flow wp-block-column-is-layout-flow\">\n<figure class=\"wp-block-image aligncenter size-full is-resized\"><img loading=\"lazy\" decoding=\"async\" width=\"726\" height=\"534\" src=\"https:\/\/maiteduran.es\/wp-content\/uploads\/2026\/03\/logo-Instituto.png\" alt=\"\" class=\"wp-image-25024\" style=\"width:auto;height:100px\" srcset=\"https:\/\/maiteduran.es\/wp-content\/uploads\/2026\/03\/logo-Instituto.png 726w, https:\/\/maiteduran.es\/wp-content\/uploads\/2026\/03\/logo-Instituto-300x221.png 300w\" sizes=\"auto, (max-width: 726px) 100vw, 726px\" \/><\/figure>\n\n\n\n<p class=\"has-text-align-center\">Instituto Espa\u00f1ol <br>EMDR<\/p>\n<\/div>\n<\/div>\n<\/div>\n","protected":false},"excerpt":{"rendered":"<p>Les meves paraules: Aqu\u00ed i ara, esfor\u00e7, escolta, const\u00e0ncia, estimar, lluitar, acci\u00f3, somriure, motivaci\u00f3, respecte, alegria, repte, passi\u00f3, vida. M&#8217;apassiona el que faig. La vida en si mateixa i les persones que la conformen s\u00f3n la meva principal font de motivaci\u00f3. Em considero una persona inquieta, cosa que m&#8217;impulsa a seguir aprenent i creixent dia [&hellip;]<\/p>\n","protected":false},"author":1,"featured_media":0,"parent":0,"menu_order":0,"comment_status":"closed","ping_status":"open","template":"","meta":{"footnotes":""},"class_list":["post-284","page","type-page","status-publish","hentry"],"yoast_head":"<!-- This site is optimized with the Yoast SEO plugin v27.1.1 - https:\/\/yoast.com\/product\/yoast-seo-wordpress\/ -->\n<title>Maite Dur\u00e1n, psicoterapeuta i psic\u00f2loga coach a Barcelona<\/title>\n<meta name=\"description\" content=\"La meva Missi\u00f3 a la vida \u00e9s acompanyar les persones a els seus processos de canvi. Ser psicoterapeuta i psic\u00f2loga coach \u00e9s una Vocaci\u00f3n no una Professi\u00f3.\" \/>\n<meta name=\"robots\" content=\"index, follow, max-snippet:-1, max-image-preview:large, max-video-preview:-1\" \/>\n<link rel=\"canonical\" href=\"https:\/\/maiteduran.es\/ca\/qui-soc-psicoterapeuta-i-psicologa-coach\/\" \/>\n<meta property=\"og:locale\" content=\"ca_ES\" \/>\n<meta property=\"og:type\" content=\"article\" \/>\n<meta property=\"og:title\" content=\"Maite Dur\u00e1n, psicoterapeuta i psic\u00f2loga coach a Barcelona\" \/>\n<meta property=\"og:description\" content=\"La meva Missi\u00f3 a la vida \u00e9s acompanyar les persones a els seus processos de canvi. Ser psicoterapeuta i psic\u00f2loga coach \u00e9s una Vocaci\u00f3n no una Professi\u00f3.\" \/>\n<meta property=\"og:url\" content=\"https:\/\/maiteduran.es\/ca\/qui-soc-psicoterapeuta-i-psicologa-coach\/\" \/>\n<meta property=\"og:site_name\" content=\"Maite Duran\" \/>\n<meta property=\"article:modified_time\" content=\"2026-03-13T17:15:03+00:00\" \/>\n<meta property=\"og:image\" content=\"https:\/\/maiteduran.es\/wp-content\/uploads\/2014\/09\/psicoterapia-maiteduran.jpg\" \/>\n\t<meta property=\"og:image:width\" content=\"545\" \/>\n\t<meta property=\"og:image:height\" content=\"349\" \/>\n\t<meta property=\"og:image:type\" content=\"image\/jpeg\" \/>\n<meta name=\"twitter:card\" content=\"summary_large_image\" \/>\n<meta name=\"twitter:label1\" content=\"Temps estimat de lectura\" \/>\n\t<meta name=\"twitter:data1\" content=\"3 minuts\" \/>\n<script type=\"application\/ld+json\" class=\"yoast-schema-graph\">{\"@context\":\"https:\/\/schema.org\",\"@graph\":[{\"@type\":\"WebPage\",\"@id\":\"https:\/\/maiteduran.es\/ca\/qui-soc-psicoterapeuta-i-psicologa-coach\/\",\"url\":\"https:\/\/maiteduran.es\/ca\/qui-soc-psicoterapeuta-i-psicologa-coach\/\",\"name\":\"Maite Dur\u00e1n, psicoterapeuta i psic\u00f2loga coach a Barcelona\",\"isPartOf\":{\"@id\":\"https:\/\/maiteduran.es\/ca\/#website\"},\"primaryImageOfPage\":{\"@id\":\"https:\/\/maiteduran.es\/ca\/qui-soc-psicoterapeuta-i-psicologa-coach\/#primaryimage\"},\"image\":{\"@id\":\"https:\/\/maiteduran.es\/ca\/qui-soc-psicoterapeuta-i-psicologa-coach\/#primaryimage\"},\"thumbnailUrl\":\"https:\/\/maiteduran.es\/wp-content\/uploads\/2014\/09\/psicoterapia-maiteduran.jpg\",\"datePublished\":\"2014-08-01T06:59:05+00:00\",\"dateModified\":\"2026-03-13T17:15:03+00:00\",\"description\":\"La meva Missi\u00f3 a la vida \u00e9s acompanyar les persones a els seus processos de canvi. Ser psicoterapeuta i psic\u00f2loga coach \u00e9s una Vocaci\u00f3n no una Professi\u00f3.\",\"breadcrumb\":{\"@id\":\"https:\/\/maiteduran.es\/ca\/qui-soc-psicoterapeuta-i-psicologa-coach\/#breadcrumb\"},\"inLanguage\":\"ca\",\"potentialAction\":[{\"@type\":\"ReadAction\",\"target\":[\"https:\/\/maiteduran.es\/ca\/qui-soc-psicoterapeuta-i-psicologa-coach\/\"]}]},{\"@type\":\"ImageObject\",\"inLanguage\":\"ca\",\"@id\":\"https:\/\/maiteduran.es\/ca\/qui-soc-psicoterapeuta-i-psicologa-coach\/#primaryimage\",\"url\":\"https:\/\/maiteduran.es\/wp-content\/uploads\/2014\/09\/psicoterapia-maiteduran.jpg\",\"contentUrl\":\"https:\/\/maiteduran.es\/wp-content\/uploads\/2014\/09\/psicoterapia-maiteduran.jpg\"},{\"@type\":\"BreadcrumbList\",\"@id\":\"https:\/\/maiteduran.es\/ca\/qui-soc-psicoterapeuta-i-psicologa-coach\/#breadcrumb\",\"itemListElement\":[{\"@type\":\"ListItem\",\"position\":1,\"name\":\"Portada\",\"item\":\"https:\/\/maiteduran.es\/ca\/\"},{\"@type\":\"ListItem\",\"position\":2,\"name\":\"Qui s\u00f3c?\"}]},{\"@type\":\"WebSite\",\"@id\":\"https:\/\/maiteduran.es\/ca\/#website\",\"url\":\"https:\/\/maiteduran.es\/ca\/\",\"name\":\"Maite Duran\",\"description\":\"\",\"publisher\":{\"@id\":\"https:\/\/maiteduran.es\/ca\/#organization\"},\"potentialAction\":[{\"@type\":\"SearchAction\",\"target\":{\"@type\":\"EntryPoint\",\"urlTemplate\":\"https:\/\/maiteduran.es\/ca\/?s={search_term_string}\"},\"query-input\":{\"@type\":\"PropertyValueSpecification\",\"valueRequired\":true,\"valueName\":\"search_term_string\"}}],\"inLanguage\":\"ca\"},{\"@type\":\"Organization\",\"@id\":\"https:\/\/maiteduran.es\/ca\/#organization\",\"name\":\"Maite Duran\",\"url\":\"https:\/\/maiteduran.es\/ca\/\",\"logo\":{\"@type\":\"ImageObject\",\"inLanguage\":\"ca\",\"@id\":\"https:\/\/maiteduran.es\/ca\/#\/schema\/logo\/image\/\",\"url\":\"https:\/\/maiteduran.es\/wp-content\/uploads\/2022\/03\/logo-maiteduran-web.png\",\"contentUrl\":\"https:\/\/maiteduran.es\/wp-content\/uploads\/2022\/03\/logo-maiteduran-web.png\",\"width\":864,\"height\":226,\"caption\":\"Maite Duran\"},\"image\":{\"@id\":\"https:\/\/maiteduran.es\/ca\/#\/schema\/logo\/image\/\"}}]}<\/script>\n<!-- \/ Yoast SEO plugin. -->","yoast_head_json":{"title":"Maite Dur\u00e1n, psicoterapeuta i psic\u00f2loga coach a Barcelona","description":"La meva Missi\u00f3 a la vida \u00e9s acompanyar les persones a els seus processos de canvi. Ser psicoterapeuta i psic\u00f2loga coach \u00e9s una Vocaci\u00f3n no una Professi\u00f3.","robots":{"index":"index","follow":"follow","max-snippet":"max-snippet:-1","max-image-preview":"max-image-preview:large","max-video-preview":"max-video-preview:-1"},"canonical":"https:\/\/maiteduran.es\/ca\/qui-soc-psicoterapeuta-i-psicologa-coach\/","og_locale":"ca_ES","og_type":"article","og_title":"Maite Dur\u00e1n, psicoterapeuta i psic\u00f2loga coach a Barcelona","og_description":"La meva Missi\u00f3 a la vida \u00e9s acompanyar les persones a els seus processos de canvi. Ser psicoterapeuta i psic\u00f2loga coach \u00e9s una Vocaci\u00f3n no una Professi\u00f3.","og_url":"https:\/\/maiteduran.es\/ca\/qui-soc-psicoterapeuta-i-psicologa-coach\/","og_site_name":"Maite Duran","article_modified_time":"2026-03-13T17:15:03+00:00","og_image":[{"width":545,"height":349,"url":"https:\/\/maiteduran.es\/wp-content\/uploads\/2014\/09\/psicoterapia-maiteduran.jpg","type":"image\/jpeg"}],"twitter_card":"summary_large_image","twitter_misc":{"Temps estimat de lectura":"3 minuts"},"schema":{"@context":"https:\/\/schema.org","@graph":[{"@type":"WebPage","@id":"https:\/\/maiteduran.es\/ca\/qui-soc-psicoterapeuta-i-psicologa-coach\/","url":"https:\/\/maiteduran.es\/ca\/qui-soc-psicoterapeuta-i-psicologa-coach\/","name":"Maite Dur\u00e1n, psicoterapeuta i psic\u00f2loga coach a Barcelona","isPartOf":{"@id":"https:\/\/maiteduran.es\/ca\/#website"},"primaryImageOfPage":{"@id":"https:\/\/maiteduran.es\/ca\/qui-soc-psicoterapeuta-i-psicologa-coach\/#primaryimage"},"image":{"@id":"https:\/\/maiteduran.es\/ca\/qui-soc-psicoterapeuta-i-psicologa-coach\/#primaryimage"},"thumbnailUrl":"https:\/\/maiteduran.es\/wp-content\/uploads\/2014\/09\/psicoterapia-maiteduran.jpg","datePublished":"2014-08-01T06:59:05+00:00","dateModified":"2026-03-13T17:15:03+00:00","description":"La meva Missi\u00f3 a la vida \u00e9s acompanyar les persones a els seus processos de canvi. Ser psicoterapeuta i psic\u00f2loga coach \u00e9s una Vocaci\u00f3n no una Professi\u00f3.","breadcrumb":{"@id":"https:\/\/maiteduran.es\/ca\/qui-soc-psicoterapeuta-i-psicologa-coach\/#breadcrumb"},"inLanguage":"ca","potentialAction":[{"@type":"ReadAction","target":["https:\/\/maiteduran.es\/ca\/qui-soc-psicoterapeuta-i-psicologa-coach\/"]}]},{"@type":"ImageObject","inLanguage":"ca","@id":"https:\/\/maiteduran.es\/ca\/qui-soc-psicoterapeuta-i-psicologa-coach\/#primaryimage","url":"https:\/\/maiteduran.es\/wp-content\/uploads\/2014\/09\/psicoterapia-maiteduran.jpg","contentUrl":"https:\/\/maiteduran.es\/wp-content\/uploads\/2014\/09\/psicoterapia-maiteduran.jpg"},{"@type":"BreadcrumbList","@id":"https:\/\/maiteduran.es\/ca\/qui-soc-psicoterapeuta-i-psicologa-coach\/#breadcrumb","itemListElement":[{"@type":"ListItem","position":1,"name":"Portada","item":"https:\/\/maiteduran.es\/ca\/"},{"@type":"ListItem","position":2,"name":"Qui s\u00f3c?"}]},{"@type":"WebSite","@id":"https:\/\/maiteduran.es\/ca\/#website","url":"https:\/\/maiteduran.es\/ca\/","name":"Maite Duran","description":"","publisher":{"@id":"https:\/\/maiteduran.es\/ca\/#organization"},"potentialAction":[{"@type":"SearchAction","target":{"@type":"EntryPoint","urlTemplate":"https:\/\/maiteduran.es\/ca\/?s={search_term_string}"},"query-input":{"@type":"PropertyValueSpecification","valueRequired":true,"valueName":"search_term_string"}}],"inLanguage":"ca"},{"@type":"Organization","@id":"https:\/\/maiteduran.es\/ca\/#organization","name":"Maite Duran","url":"https:\/\/maiteduran.es\/ca\/","logo":{"@type":"ImageObject","inLanguage":"ca","@id":"https:\/\/maiteduran.es\/ca\/#\/schema\/logo\/image\/","url":"https:\/\/maiteduran.es\/wp-content\/uploads\/2022\/03\/logo-maiteduran-web.png","contentUrl":"https:\/\/maiteduran.es\/wp-content\/uploads\/2022\/03\/logo-maiteduran-web.png","width":864,"height":226,"caption":"Maite Duran"},"image":{"@id":"https:\/\/maiteduran.es\/ca\/#\/schema\/logo\/image\/"}}]}},"_links":{"self":[{"href":"https:\/\/maiteduran.es\/ca\/wp-json\/wp\/v2\/pages\/284","targetHints":{"allow":["GET"]}}],"collection":[{"href":"https:\/\/maiteduran.es\/ca\/wp-json\/wp\/v2\/pages"}],"about":[{"href":"https:\/\/maiteduran.es\/ca\/wp-json\/wp\/v2\/types\/page"}],"author":[{"embeddable":true,"href":"https:\/\/maiteduran.es\/ca\/wp-json\/wp\/v2\/users\/1"}],"replies":[{"embeddable":true,"href":"https:\/\/maiteduran.es\/ca\/wp-json\/wp\/v2\/comments?post=284"}],"version-history":[{"count":8,"href":"https:\/\/maiteduran.es\/ca\/wp-json\/wp\/v2\/pages\/284\/revisions"}],"predecessor-version":[{"id":25619,"href":"https:\/\/maiteduran.es\/ca\/wp-json\/wp\/v2\/pages\/284\/revisions\/25619"}],"wp:attachment":[{"href":"https:\/\/maiteduran.es\/ca\/wp-json\/wp\/v2\/media?parent=284"}],"curies":[{"name":"wp","href":"https:\/\/api.w.org\/{rel}","templated":true}]}}