{"id":25310,"date":"2014-09-22T10:53:31","date_gmt":"2014-09-22T08:53:31","guid":{"rendered":"https:\/\/maiteduran.es\/serveis-psicoterapia-i-psicologia-coaching\/psicoterapia\/"},"modified":"2026-03-11T09:47:36","modified_gmt":"2026-03-11T08:47:36","slug":"psicoterapia","status":"publish","type":"page","link":"https:\/\/maiteduran.es\/ca\/serveis-psicoterapia-i-psicologia-coaching\/psicoterapia\/","title":{"rendered":"Psicoter\u00e0pia"},"content":{"rendered":"\n<div class=\"wp-block-group alignwide is-nowrap is-layout-flex wp-container-core-group-is-layout-f7906a6b wp-block-group-is-layout-flex wpbbe-1\" style=\"border-radius:0px;margin-top:0;margin-bottom:0\">\n<div class=\"wp-block-group wp-container-content-0733e5d0 is-vertical is-layout-flex wp-container-core-group-is-layout-0e71572a wp-block-group-is-layout-flex\">\n<figure class=\"wp-block-image size-full is-style-default\"><img loading=\"lazy\" decoding=\"async\" width=\"1279\" height=\"853\" src=\"https:\/\/maiteduran.es\/wp-content\/uploads\/2026\/03\/pexels-cottonbro-4101143.jpg\" alt=\"\" class=\"wp-image-24969\" style=\"aspect-ratio:3\/2;object-fit:cover\" srcset=\"https:\/\/maiteduran.es\/wp-content\/uploads\/2026\/03\/pexels-cottonbro-4101143.jpg 1279w, https:\/\/maiteduran.es\/wp-content\/uploads\/2026\/03\/pexels-cottonbro-4101143-300x200.jpg 300w, https:\/\/maiteduran.es\/wp-content\/uploads\/2026\/03\/pexels-cottonbro-4101143-1024x683.jpg 1024w, https:\/\/maiteduran.es\/wp-content\/uploads\/2026\/03\/pexels-cottonbro-4101143-768x512.jpg 768w\" sizes=\"auto, (max-width: 1279px) 100vw, 1279px\" \/><\/figure>\n\n\n\n<blockquote class=\"wp-block-quote alignwide is-style-default is-layout-flow wp-block-quote-is-layout-flow\">\n<p class=\"wp-block-paragraph\">La psicologia no \u00e9s una professi\u00f3 sin\u00f3 una vocaci\u00f3<\/p>\n<\/blockquote>\n<\/div>\n\n\n\n<div class=\"wp-block-group wp-container-content-0733e5d0 is-vertical is-content-justification-stretch is-layout-flex wp-container-core-group-is-layout-d9e4056d wp-block-group-is-layout-flex\">\n<div class=\"wp-block-group has-global-padding is-layout-constrained wp-block-group-is-layout-constrained\">\n<div class=\"wp-block-group has-global-padding is-layout-constrained wp-container-core-group-is-layout-6422b19d wp-block-group-is-layout-constrained\" style=\"margin-bottom:var(--wp--preset--spacing--bbe-60)\">\n<h2 class=\"wp-block-heading has-bbe-neutral-900-color has-text-color has-link-color has-bbe-title-2-font-size wp-elements-1\">Psicoter\u00e0pia individual<\/h2>\n\n\n\n<p class=\"wp-block-paragraph\">Com a psicoterapeuta i professional de la salut, el meu objectiu \u00e9s l\u2019abordatge de les dificultats i per tant, la millora de la qualitat de vida. Aix\u00f2 implica resoldre conflictes interns i veure de quins recursos disposa la persona per a potenciar-los i ampliar el seu repertori d\u2019eines personals. Es tracta de qu\u00e8 la persona es conegui millor a si mateixa i el seu propi entorn i pugui entendre el qu\u00e8 sent, pensa i actua. <\/p>\n\n\n\n<p class=\"wp-block-paragraph\">En un proc\u00e9s psicoterap\u00e8utic, la persona apr\u00e8n a gestionar-se emocionalment, augmentar la confian\u00e7a en si mateixa, prendre decisions, comunicar-se de forma efectiva i superar els reptes que li suposa la vida dia rere dia.<\/p>\n<\/div>\n<\/div>\n<\/div>\n<\/div>\n\n\n\n<div class=\"wp-block-group alignwide is-nowrap is-layout-flex wp-container-core-group-is-layout-75dcd6ab wp-block-group-is-layout-flex wpbbe-2\" style=\"border-radius:0px;margin-top:var(--wp--preset--spacing--bbe-100);margin-bottom:0\">\n<div class=\"wp-block-group wp-container-content-0733e5d0 is-vertical is-content-justification-stretch is-layout-flex wp-container-core-group-is-layout-d9e4056d wp-block-group-is-layout-flex\">\n<div class=\"wp-block-group has-global-padding is-layout-constrained wp-block-group-is-layout-constrained\">\n<div class=\"wp-block-group has-global-padding is-layout-constrained wp-container-core-group-is-layout-6422b19d wp-block-group-is-layout-constrained\" style=\"margin-bottom:var(--wp--preset--spacing--bbe-60)\">\n<h2 class=\"wp-block-heading has-bbe-neutral-900-color has-text-color has-link-color has-bbe-title-2-font-size wp-elements-2\">Psicoter\u00e0pia de parelles<\/h2>\n\n\n\n<p class=\"wp-block-paragraph\">El m\u00f3n de la parella i les relacions amoroses \u00e9s complex i ric alhora. La ter\u00e0pia \u00e9s cosa de dos i \u00e9s m\u00e9s efica\u00e7 quan s&#8217;acudeix al principi, quan la parella s&#8217;adona que hi ha alguna cosa que no funciona a la relaci\u00f3. L&#8217;objectiu de la ter\u00e0pia no sempre \u00e9s recuperar la relaci\u00f3, sin\u00f3 facilitar que una ruptura sigui el m\u00e9s civilitzada i el menys dolorosa possible.<\/p>\n\n\n\n<p class=\"wp-block-paragraph\">El repte d&#8217;una parella \u00e9s aprendre a comunicar-se, escoltar-se, respondre a les necessitats de l&#8217;altre, aprendre a gestionar els seus conflictes i adaptar-se als canvis que presenta tota relaci\u00f3 (per exemple, quan es tenen fills, es tendeix a ser m\u00e9s pare o mare que parella, quan els fills se&#8217;n van de casa, quan la feina s&#8217;instal\u00b7la a la relaci\u00f3).<\/p>\n<\/div>\n<\/div>\n<\/div>\n\n\n\n<div class=\"wp-block-group wp-container-content-0733e5d0 is-vertical is-layout-flex wp-container-core-group-is-layout-0e71572a wp-block-group-is-layout-flex\">\n<figure class=\"wp-block-image size-full is-style-default\"><img loading=\"lazy\" decoding=\"async\" width=\"1280\" height=\"853\" src=\"https:\/\/maiteduran.es\/wp-content\/uploads\/2026\/03\/pexels-timur-weber-8560009.jpg\" alt=\"\" class=\"wp-image-24971\" style=\"aspect-ratio:3\/2;object-fit:cover\" srcset=\"https:\/\/maiteduran.es\/wp-content\/uploads\/2026\/03\/pexels-timur-weber-8560009.jpg 1280w, https:\/\/maiteduran.es\/wp-content\/uploads\/2026\/03\/pexels-timur-weber-8560009-300x200.jpg 300w, https:\/\/maiteduran.es\/wp-content\/uploads\/2026\/03\/pexels-timur-weber-8560009-1024x682.jpg 1024w, https:\/\/maiteduran.es\/wp-content\/uploads\/2026\/03\/pexels-timur-weber-8560009-768x512.jpg 768w\" sizes=\"auto, (max-width: 1280px) 100vw, 1280px\" \/><\/figure>\n<\/div>\n<\/div>\n\n\n\n<div class=\"wp-block-group alignfull has-bbe-gradient-7-gradient-background has-background has-global-padding is-layout-constrained wp-block-group-is-layout-constrained\" style=\"border-radius:0vw;margin-top:var(--wp--preset--spacing--bbe-80);margin-bottom:var(--wp--preset--spacing--bbe-80);padding-top:var(--wp--preset--spacing--bbe-130);padding-bottom:0;background-size:cover;\">\n<div class=\"wp-block-columns alignwide is-layout-flex wp-container-core-columns-is-layout-55edbd2d wp-block-columns-is-layout-flex wpbbe-22\">\n<div class=\"wp-block-column is-vertically-aligned-center is-layout-flow wp-block-column-is-layout-flow\">\n<div class=\"wp-block-columns is-layout-flex wp-container-core-columns-is-layout-55edbd2d wp-block-columns-is-layout-flex wpbbe-21\">\n<div class=\"wp-block-column is-vertically-aligned-center is-layout-flow wp-block-column-is-layout-flow\">\n<div class=\"wp-block-group is-layout-flow wp-container-core-group-is-layout-05d32c46 wp-block-group-is-layout-flow\">\n<h3 class=\"wp-block-heading\">Quan cal fer un proc\u00e9s psicoterap\u00e8utic?<\/h3>\n\n\n\n<p class=\"wp-block-paragraph\">En cas de que una persona senti:<\/p>\n\n\n\n<div class=\"wp-block-group is-horizontal is-content-justification-space-between is-nowrap is-layout-flex wp-container-core-group-is-layout-59031319 wp-block-group-is-layout-flex wpbbe-4\" style=\"padding-top:0;padding-right:0;padding-bottom:0;padding-left:0\"><div class=\"wpbbe-svg-icon wpbbe-3 wp-block-wpbbe-svg-inline wpbbe__flex-item-prevent-shrinking\"><div class=\"svg-wrapper\"><?xml version=\"1.0\" encoding=\"UTF-8\"?> <svg aria-hidden=\"true\" focusable=\"false\" xmlns=\"http:\/\/www.w3.org\/2000\/svg\" width=\"48\" height=\"48\" viewBox=\"0 0 48 48\"><path fill-rule=\"evenodd\" d=\"M44 23.5C44 34.27 35.27 43 24.5 43S5 34.27 5 23.5 13.73 4 24.5 4 44 12.73 44 23.5Zm-9.097-3.66a2.25 2.25 0 1 0-3.181-3.18L21.5 26.88l-4.222-4.22a2.253 2.253 0 0 0-3.25-.07 2.25 2.25 0 0 0 .069 3.25l5.812 5.813a2.248 2.248 0 0 0 3.182 0L34.903 19.84Z\" clip-rule=\"evenodd\"><\/path><\/svg> <\/div><\/div>\n\n\n<p class=\"wp-container-content-9cfa9a5a wp-block-paragraph\" style=\"font-style:normal;font-weight:500;line-height:1.4\">Ansietat<\/p>\n<\/div>\n\n\n\n<div class=\"wp-block-group is-horizontal is-content-justification-space-between is-nowrap is-layout-flex wp-container-core-group-is-layout-59031319 wp-block-group-is-layout-flex wpbbe-6\" style=\"padding-top:0;padding-right:0;padding-bottom:0;padding-left:0\"><div class=\"wpbbe-svg-icon wpbbe-5 wp-block-wpbbe-svg-inline wpbbe__flex-item-prevent-shrinking\"><div class=\"svg-wrapper\"><?xml version=\"1.0\" encoding=\"UTF-8\"?> <svg aria-hidden=\"true\" focusable=\"false\" xmlns=\"http:\/\/www.w3.org\/2000\/svg\" width=\"48\" height=\"48\" viewBox=\"0 0 48 48\"><path fill-rule=\"evenodd\" d=\"M44 23.5C44 34.27 35.27 43 24.5 43S5 34.27 5 23.5 13.73 4 24.5 4 44 12.73 44 23.5Zm-9.097-3.66a2.25 2.25 0 1 0-3.181-3.18L21.5 26.88l-4.222-4.22a2.253 2.253 0 0 0-3.25-.07 2.25 2.25 0 0 0 .069 3.25l5.812 5.813a2.248 2.248 0 0 0 3.182 0L34.903 19.84Z\" clip-rule=\"evenodd\"><\/path><\/svg> <\/div><\/div>\n\n\n<p class=\"wp-container-content-9cfa9a5a wp-block-paragraph\" style=\"font-style:normal;font-weight:500;line-height:1.4\">Pors, f\u00f2bies<\/p>\n<\/div>\n\n\n\n<div class=\"wp-block-group is-horizontal is-content-justification-space-between is-nowrap is-layout-flex wp-container-core-group-is-layout-59031319 wp-block-group-is-layout-flex wpbbe-8\" style=\"padding-top:0;padding-right:0;padding-bottom:0;padding-left:0\"><div class=\"wpbbe-svg-icon wpbbe-7 wp-block-wpbbe-svg-inline wpbbe__flex-item-prevent-shrinking\"><div class=\"svg-wrapper\"><?xml version=\"1.0\" encoding=\"UTF-8\"?> <svg aria-hidden=\"true\" focusable=\"false\" xmlns=\"http:\/\/www.w3.org\/2000\/svg\" width=\"48\" height=\"48\" viewBox=\"0 0 48 48\"><path fill-rule=\"evenodd\" d=\"M44 23.5C44 34.27 35.27 43 24.5 43S5 34.27 5 23.5 13.73 4 24.5 4 44 12.73 44 23.5Zm-9.097-3.66a2.25 2.25 0 1 0-3.181-3.18L21.5 26.88l-4.222-4.22a2.253 2.253 0 0 0-3.25-.07 2.25 2.25 0 0 0 .069 3.25l5.812 5.813a2.248 2.248 0 0 0 3.182 0L34.903 19.84Z\" clip-rule=\"evenodd\"><\/path><\/svg> <\/div><\/div>\n\n\n<p class=\"wp-container-content-9cfa9a5a wp-block-paragraph\" style=\"font-style:normal;font-weight:500;line-height:1.4\">Obsessi\u00f3<\/p>\n<\/div>\n\n\n\n<div class=\"wp-block-group is-horizontal is-content-justification-space-between is-nowrap is-layout-flex wp-container-core-group-is-layout-59031319 wp-block-group-is-layout-flex wpbbe-10\" style=\"padding-top:0;padding-right:0;padding-bottom:0;padding-left:0\"><div class=\"wpbbe-svg-icon wpbbe-9 wp-block-wpbbe-svg-inline wpbbe__flex-item-prevent-shrinking\"><div class=\"svg-wrapper\"><?xml version=\"1.0\" encoding=\"UTF-8\"?> <svg aria-hidden=\"true\" focusable=\"false\" xmlns=\"http:\/\/www.w3.org\/2000\/svg\" width=\"48\" height=\"48\" viewBox=\"0 0 48 48\"><path fill-rule=\"evenodd\" d=\"M44 23.5C44 34.27 35.27 43 24.5 43S5 34.27 5 23.5 13.73 4 24.5 4 44 12.73 44 23.5Zm-9.097-3.66a2.25 2.25 0 1 0-3.181-3.18L21.5 26.88l-4.222-4.22a2.253 2.253 0 0 0-3.25-.07 2.25 2.25 0 0 0 .069 3.25l5.812 5.813a2.248 2.248 0 0 0 3.182 0L34.903 19.84Z\" clip-rule=\"evenodd\"><\/path><\/svg> <\/div><\/div>\n\n\n<p class=\"wp-container-content-9cfa9a5a wp-block-paragraph\" style=\"font-style:normal;font-weight:500;line-height:1.4\">Problemes de relaci\u00f3<\/p>\n<\/div>\n\n\n\n<div class=\"wp-block-group is-horizontal is-content-justification-space-between is-nowrap is-layout-flex wp-container-core-group-is-layout-59031319 wp-block-group-is-layout-flex wpbbe-12\" style=\"padding-top:0;padding-right:0;padding-bottom:0;padding-left:0\"><div class=\"wpbbe-svg-icon wpbbe-11 wp-block-wpbbe-svg-inline wpbbe__flex-item-prevent-shrinking\"><div class=\"svg-wrapper\"><?xml version=\"1.0\" encoding=\"UTF-8\"?> <svg aria-hidden=\"true\" focusable=\"false\" xmlns=\"http:\/\/www.w3.org\/2000\/svg\" width=\"48\" height=\"48\" viewBox=\"0 0 48 48\"><path fill-rule=\"evenodd\" d=\"M44 23.5C44 34.27 35.27 43 24.5 43S5 34.27 5 23.5 13.73 4 24.5 4 44 12.73 44 23.5Zm-9.097-3.66a2.25 2.25 0 1 0-3.181-3.18L21.5 26.88l-4.222-4.22a2.253 2.253 0 0 0-3.25-.07 2.25 2.25 0 0 0 .069 3.25l5.812 5.813a2.248 2.248 0 0 0 3.182 0L34.903 19.84Z\" clip-rule=\"evenodd\"><\/path><\/svg> <\/div><\/div>\n\n\n<p class=\"wp-container-content-9cfa9a5a wp-block-paragraph\" style=\"font-style:normal;font-weight:500;line-height:1.4\">Tristesa o depressi\u00f3<\/p>\n<\/div>\n\n\n\n<div class=\"wp-block-group is-horizontal is-content-justification-space-between is-nowrap is-layout-flex wp-container-core-group-is-layout-59031319 wp-block-group-is-layout-flex wpbbe-14\" style=\"padding-top:0;padding-right:0;padding-bottom:0;padding-left:0\"><div class=\"wpbbe-svg-icon wpbbe-13 wp-block-wpbbe-svg-inline wpbbe__flex-item-prevent-shrinking\"><div class=\"svg-wrapper\"><?xml version=\"1.0\" encoding=\"UTF-8\"?> <svg aria-hidden=\"true\" focusable=\"false\" xmlns=\"http:\/\/www.w3.org\/2000\/svg\" width=\"48\" height=\"48\" viewBox=\"0 0 48 48\"><path fill-rule=\"evenodd\" d=\"M44 23.5C44 34.27 35.27 43 24.5 43S5 34.27 5 23.5 13.73 4 24.5 4 44 12.73 44 23.5Zm-9.097-3.66a2.25 2.25 0 1 0-3.181-3.18L21.5 26.88l-4.222-4.22a2.253 2.253 0 0 0-3.25-.07 2.25 2.25 0 0 0 .069 3.25l5.812 5.813a2.248 2.248 0 0 0 3.182 0L34.903 19.84Z\" clip-rule=\"evenodd\"><\/path><\/svg> <\/div><\/div>\n\n\n<p class=\"wp-container-content-9cfa9a5a wp-block-paragraph\" style=\"font-style:normal;font-weight:500;line-height:1.4\">Baixa autoestima<\/p>\n<\/div>\n\n\n\n<div class=\"wp-block-group is-horizontal is-content-justification-space-between is-nowrap is-layout-flex wp-container-core-group-is-layout-59031319 wp-block-group-is-layout-flex wpbbe-16\" style=\"padding-top:0;padding-right:0;padding-bottom:0;padding-left:0\"><div class=\"wpbbe-svg-icon wpbbe-15 wp-block-wpbbe-svg-inline wpbbe__flex-item-prevent-shrinking\"><div class=\"svg-wrapper\"><?xml version=\"1.0\" encoding=\"UTF-8\"?> <svg aria-hidden=\"true\" focusable=\"false\" xmlns=\"http:\/\/www.w3.org\/2000\/svg\" width=\"48\" height=\"48\" viewBox=\"0 0 48 48\"><path fill-rule=\"evenodd\" d=\"M44 23.5C44 34.27 35.27 43 24.5 43S5 34.27 5 23.5 13.73 4 24.5 4 44 12.73 44 23.5Zm-9.097-3.66a2.25 2.25 0 1 0-3.181-3.18L21.5 26.88l-4.222-4.22a2.253 2.253 0 0 0-3.25-.07 2.25 2.25 0 0 0 .069 3.25l5.812 5.813a2.248 2.248 0 0 0 3.182 0L34.903 19.84Z\" clip-rule=\"evenodd\"><\/path><\/svg> <\/div><\/div>\n\n\n<p class=\"wp-container-content-9cfa9a5a wp-block-paragraph\" style=\"font-style:normal;font-weight:500;line-height:1.4\">Una p\u00e8rdua (dol)<\/p>\n<\/div>\n\n\n\n<div class=\"wp-block-group is-horizontal is-content-justification-space-between is-nowrap is-layout-flex wp-container-core-group-is-layout-59031319 wp-block-group-is-layout-flex wpbbe-18\" style=\"padding-top:0;padding-right:0;padding-bottom:0;padding-left:0\"><div class=\"wpbbe-svg-icon wpbbe-17 wp-block-wpbbe-svg-inline wpbbe__flex-item-prevent-shrinking\"><div class=\"svg-wrapper\"><?xml version=\"1.0\" encoding=\"UTF-8\"?> <svg aria-hidden=\"true\" focusable=\"false\" xmlns=\"http:\/\/www.w3.org\/2000\/svg\" width=\"48\" height=\"48\" viewBox=\"0 0 48 48\"><path fill-rule=\"evenodd\" d=\"M44 23.5C44 34.27 35.27 43 24.5 43S5 34.27 5 23.5 13.73 4 24.5 4 44 12.73 44 23.5Zm-9.097-3.66a2.25 2.25 0 1 0-3.181-3.18L21.5 26.88l-4.222-4.22a2.253 2.253 0 0 0-3.25-.07 2.25 2.25 0 0 0 .069 3.25l5.812 5.813a2.248 2.248 0 0 0 3.182 0L34.903 19.84Z\" clip-rule=\"evenodd\"><\/path><\/svg> <\/div><\/div>\n\n\n<p class=\"wp-container-content-9cfa9a5a wp-block-paragraph\" style=\"font-style:normal;font-weight:500;line-height:1.4\">Bloqueig mental o emocional<\/p>\n<\/div>\n\n\n\n<div class=\"wp-block-group is-horizontal is-content-justification-space-between is-nowrap is-layout-flex wp-container-core-group-is-layout-59031319 wp-block-group-is-layout-flex wpbbe-20\" style=\"padding-top:0;padding-right:0;padding-bottom:0;padding-left:0\"><div class=\"wpbbe-svg-icon wpbbe-19 wp-block-wpbbe-svg-inline wpbbe__flex-item-prevent-shrinking\"><div class=\"svg-wrapper\"><?xml version=\"1.0\" encoding=\"UTF-8\"?> <svg aria-hidden=\"true\" focusable=\"false\" xmlns=\"http:\/\/www.w3.org\/2000\/svg\" width=\"48\" height=\"48\" viewBox=\"0 0 48 48\"><path fill-rule=\"evenodd\" d=\"M44 23.5C44 34.27 35.27 43 24.5 43S5 34.27 5 23.5 13.73 4 24.5 4 44 12.73 44 23.5Zm-9.097-3.66a2.25 2.25 0 1 0-3.181-3.18L21.5 26.88l-4.222-4.22a2.253 2.253 0 0 0-3.25-.07 2.25 2.25 0 0 0 .069 3.25l5.812 5.813a2.248 2.248 0 0 0 3.182 0L34.903 19.84Z\" clip-rule=\"evenodd\"><\/path><\/svg> <\/div><\/div>\n\n\n<p class=\"wp-container-content-9cfa9a5a wp-block-paragraph\" style=\"font-style:normal;font-weight:500;line-height:1.4\">Problemes familiars<\/p>\n<\/div>\n<\/div>\n<\/div>\n\n\n\n<div class=\"wp-block-column is-vertically-aligned-center is-layout-flow wp-block-column-is-layout-flow\">\n<figure class=\"wp-block-image size-large\"><img loading=\"lazy\" decoding=\"async\" width=\"1024\" height=\"683\" src=\"https:\/\/maiteduran.es\/wp-content\/uploads\/2024\/06\/landsc-3x2-b6635-1024x683.jpg\" alt=\"\" class=\"wp-image-5861\" style=\"aspect-ratio:3\/2;object-fit:cover\" srcset=\"https:\/\/maiteduran.es\/wp-content\/uploads\/2024\/06\/landsc-3x2-b6635-1024x683.jpg 1024w, https:\/\/maiteduran.es\/wp-content\/uploads\/2024\/06\/landsc-3x2-b6635-300x200.jpg 300w, https:\/\/maiteduran.es\/wp-content\/uploads\/2024\/06\/landsc-3x2-b6635-768x512.jpg 768w, https:\/\/maiteduran.es\/wp-content\/uploads\/2024\/06\/landsc-3x2-b6635-1536x1024.jpg 1536w, https:\/\/maiteduran.es\/wp-content\/uploads\/2024\/06\/landsc-3x2-b6635.jpg 1800w\" sizes=\"auto, (max-width: 1024px) 100vw, 1024px\" \/><\/figure>\n<\/div>\n<\/div>\n<\/div>\n<\/div>\n\n\n\n<div style=\"height:20px\" aria-hidden=\"true\" class=\"wp-block-spacer\"><\/div>\n\n\n\n<h4 class=\"wp-block-heading has-text-align-center\">Qualsevol s\u00edmptoma o problema que produeixi sensaci\u00f3 d&#8217;insatisfacci\u00f3 o b\u00e9 quan se senti bloquejat.<\/h4>\n<\/div>\n","protected":false},"excerpt":{"rendered":"<p>La psicologia no \u00e9s una professi\u00f3 sin\u00f3 una vocaci\u00f3 Psicoter\u00e0pia individual Com a psicoterapeuta i professional de la salut, el meu objectiu \u00e9s l\u2019abordatge de les dificultats i per tant, la millora de la qualitat de vida. Aix\u00f2 implica resoldre conflictes interns i veure de quins recursos disposa la persona per a potenciar-los i ampliar [&hellip;]<\/p>\n","protected":false},"author":1,"featured_media":0,"parent":271,"menu_order":0,"comment_status":"closed","ping_status":"open","template":"","meta":{"footnotes":""},"class_list":["post-25310","page","type-page","status-publish","hentry"],"yoast_head":"<!-- This site is optimized with the Yoast SEO plugin v27.1.1 - https:\/\/yoast.com\/product\/yoast-seo-wordpress\/ -->\n<title>Psicoterapeuta en Barcelona | Maite Dur\u00e1n<\/title>\n<meta name=\"description\" content=\"Como psicoterapeuta y profesional de la salud, mi objetivo es el abordaje de las dificultades y por lo tanto la mejora de la calidad de vida de las personas\" \/>\n<meta name=\"robots\" content=\"index, follow, max-snippet:-1, max-image-preview:large, max-video-preview:-1\" \/>\n<link rel=\"canonical\" href=\"https:\/\/maiteduran.es\/ca\/serveis-psicoterapia-i-psicologia-coaching\/psicoterapia\/\" \/>\n<meta property=\"og:locale\" content=\"ca_ES\" \/>\n<meta property=\"og:type\" content=\"article\" \/>\n<meta property=\"og:title\" content=\"Psicoterapeuta en Barcelona | Maite Dur\u00e1n\" \/>\n<meta property=\"og:description\" content=\"Como psicoterapeuta y profesional de la salud, mi objetivo es el abordaje de las dificultades y por lo tanto la mejora de la calidad de vida de las personas\" \/>\n<meta property=\"og:url\" content=\"https:\/\/maiteduran.es\/ca\/serveis-psicoterapia-i-psicologia-coaching\/psicoterapia\/\" \/>\n<meta property=\"og:site_name\" content=\"Maite Duran\" \/>\n<meta property=\"article:modified_time\" content=\"2026-03-11T08:47:36+00:00\" \/>\n<meta property=\"og:image\" content=\"https:\/\/maiteduran.es\/wp-content\/uploads\/2026\/03\/pexels-cottonbro-4101143.jpg\" \/>\n\t<meta property=\"og:image:width\" content=\"1279\" \/>\n\t<meta property=\"og:image:height\" content=\"853\" \/>\n\t<meta property=\"og:image:type\" content=\"image\/jpeg\" \/>\n<meta name=\"twitter:card\" content=\"summary_large_image\" \/>\n<meta name=\"twitter:label1\" content=\"Temps estimat de lectura\" \/>\n\t<meta name=\"twitter:data1\" content=\"2 minuts\" \/>\n<script type=\"application\/ld+json\" class=\"yoast-schema-graph\">{\"@context\":\"https:\/\/schema.org\",\"@graph\":[{\"@type\":\"WebPage\",\"@id\":\"https:\/\/maiteduran.es\/ca\/serveis-psicoterapia-i-psicologia-coaching\/psicoterapia\/\",\"url\":\"https:\/\/maiteduran.es\/ca\/serveis-psicoterapia-i-psicologia-coaching\/psicoterapia\/\",\"name\":\"Psicoterapeuta en Barcelona | Maite Dur\u00e1n\",\"isPartOf\":{\"@id\":\"https:\/\/maiteduran.es\/ca\/#website\"},\"primaryImageOfPage\":{\"@id\":\"https:\/\/maiteduran.es\/ca\/serveis-psicoterapia-i-psicologia-coaching\/psicoterapia\/#primaryimage\"},\"image\":{\"@id\":\"https:\/\/maiteduran.es\/ca\/serveis-psicoterapia-i-psicologia-coaching\/psicoterapia\/#primaryimage\"},\"thumbnailUrl\":\"https:\/\/maiteduran.es\/wp-content\/uploads\/2026\/03\/pexels-cottonbro-4101143.jpg\",\"datePublished\":\"2014-09-22T08:53:31+00:00\",\"dateModified\":\"2026-03-11T08:47:36+00:00\",\"description\":\"Como psicoterapeuta y profesional de la salud, mi objetivo es el abordaje de las dificultades y por lo tanto la mejora de la calidad de vida de las personas\",\"breadcrumb\":{\"@id\":\"https:\/\/maiteduran.es\/ca\/serveis-psicoterapia-i-psicologia-coaching\/psicoterapia\/#breadcrumb\"},\"inLanguage\":\"ca\",\"potentialAction\":[{\"@type\":\"ReadAction\",\"target\":[\"https:\/\/maiteduran.es\/ca\/serveis-psicoterapia-i-psicologia-coaching\/psicoterapia\/\"]}]},{\"@type\":\"ImageObject\",\"inLanguage\":\"ca\",\"@id\":\"https:\/\/maiteduran.es\/ca\/serveis-psicoterapia-i-psicologia-coaching\/psicoterapia\/#primaryimage\",\"url\":\"https:\/\/maiteduran.es\/wp-content\/uploads\/2026\/03\/pexels-cottonbro-4101143.jpg\",\"contentUrl\":\"https:\/\/maiteduran.es\/wp-content\/uploads\/2026\/03\/pexels-cottonbro-4101143.jpg\"},{\"@type\":\"BreadcrumbList\",\"@id\":\"https:\/\/maiteduran.es\/ca\/serveis-psicoterapia-i-psicologia-coaching\/psicoterapia\/#breadcrumb\",\"itemListElement\":[{\"@type\":\"ListItem\",\"position\":1,\"name\":\"Portada\",\"item\":\"https:\/\/maiteduran.es\/ca\/\"},{\"@type\":\"ListItem\",\"position\":2,\"name\":\"Serveis de psicoter\u00e0pia i psicologia coaching\",\"item\":\"https:\/\/maiteduran.es\/ca\/serveis-psicoterapia-i-psicologia-coaching\/\"},{\"@type\":\"ListItem\",\"position\":3,\"name\":\"Psicoter\u00e0pia\"}]},{\"@type\":\"WebSite\",\"@id\":\"https:\/\/maiteduran.es\/ca\/#website\",\"url\":\"https:\/\/maiteduran.es\/ca\/\",\"name\":\"Maite Duran\",\"description\":\"\",\"publisher\":{\"@id\":\"https:\/\/maiteduran.es\/ca\/#organization\"},\"potentialAction\":[{\"@type\":\"SearchAction\",\"target\":{\"@type\":\"EntryPoint\",\"urlTemplate\":\"https:\/\/maiteduran.es\/ca\/?s={search_term_string}\"},\"query-input\":{\"@type\":\"PropertyValueSpecification\",\"valueRequired\":true,\"valueName\":\"search_term_string\"}}],\"inLanguage\":\"ca\"},{\"@type\":\"Organization\",\"@id\":\"https:\/\/maiteduran.es\/ca\/#organization\",\"name\":\"Maite Duran\",\"url\":\"https:\/\/maiteduran.es\/ca\/\",\"logo\":{\"@type\":\"ImageObject\",\"inLanguage\":\"ca\",\"@id\":\"https:\/\/maiteduran.es\/ca\/#\/schema\/logo\/image\/\",\"url\":\"https:\/\/maiteduran.es\/wp-content\/uploads\/2022\/03\/logo-maiteduran-web.png\",\"contentUrl\":\"https:\/\/maiteduran.es\/wp-content\/uploads\/2022\/03\/logo-maiteduran-web.png\",\"width\":864,\"height\":226,\"caption\":\"Maite Duran\"},\"image\":{\"@id\":\"https:\/\/maiteduran.es\/ca\/#\/schema\/logo\/image\/\"}}]}<\/script>\n<!-- \/ Yoast SEO plugin. -->","yoast_head_json":{"title":"Psicoterapeuta en Barcelona | Maite Dur\u00e1n","description":"Como psicoterapeuta y profesional de la salud, mi objetivo es el abordaje de las dificultades y por lo tanto la mejora de la calidad de vida de las personas","robots":{"index":"index","follow":"follow","max-snippet":"max-snippet:-1","max-image-preview":"max-image-preview:large","max-video-preview":"max-video-preview:-1"},"canonical":"https:\/\/maiteduran.es\/ca\/serveis-psicoterapia-i-psicologia-coaching\/psicoterapia\/","og_locale":"ca_ES","og_type":"article","og_title":"Psicoterapeuta en Barcelona | Maite Dur\u00e1n","og_description":"Como psicoterapeuta y profesional de la salud, mi objetivo es el abordaje de las dificultades y por lo tanto la mejora de la calidad de vida de las personas","og_url":"https:\/\/maiteduran.es\/ca\/serveis-psicoterapia-i-psicologia-coaching\/psicoterapia\/","og_site_name":"Maite Duran","article_modified_time":"2026-03-11T08:47:36+00:00","og_image":[{"width":1279,"height":853,"url":"https:\/\/maiteduran.es\/wp-content\/uploads\/2026\/03\/pexels-cottonbro-4101143.jpg","type":"image\/jpeg"}],"twitter_card":"summary_large_image","twitter_misc":{"Temps estimat de lectura":"2 minuts"},"schema":{"@context":"https:\/\/schema.org","@graph":[{"@type":"WebPage","@id":"https:\/\/maiteduran.es\/ca\/serveis-psicoterapia-i-psicologia-coaching\/psicoterapia\/","url":"https:\/\/maiteduran.es\/ca\/serveis-psicoterapia-i-psicologia-coaching\/psicoterapia\/","name":"Psicoterapeuta en Barcelona | Maite Dur\u00e1n","isPartOf":{"@id":"https:\/\/maiteduran.es\/ca\/#website"},"primaryImageOfPage":{"@id":"https:\/\/maiteduran.es\/ca\/serveis-psicoterapia-i-psicologia-coaching\/psicoterapia\/#primaryimage"},"image":{"@id":"https:\/\/maiteduran.es\/ca\/serveis-psicoterapia-i-psicologia-coaching\/psicoterapia\/#primaryimage"},"thumbnailUrl":"https:\/\/maiteduran.es\/wp-content\/uploads\/2026\/03\/pexels-cottonbro-4101143.jpg","datePublished":"2014-09-22T08:53:31+00:00","dateModified":"2026-03-11T08:47:36+00:00","description":"Como psicoterapeuta y profesional de la salud, mi objetivo es el abordaje de las dificultades y por lo tanto la mejora de la calidad de vida de las personas","breadcrumb":{"@id":"https:\/\/maiteduran.es\/ca\/serveis-psicoterapia-i-psicologia-coaching\/psicoterapia\/#breadcrumb"},"inLanguage":"ca","potentialAction":[{"@type":"ReadAction","target":["https:\/\/maiteduran.es\/ca\/serveis-psicoterapia-i-psicologia-coaching\/psicoterapia\/"]}]},{"@type":"ImageObject","inLanguage":"ca","@id":"https:\/\/maiteduran.es\/ca\/serveis-psicoterapia-i-psicologia-coaching\/psicoterapia\/#primaryimage","url":"https:\/\/maiteduran.es\/wp-content\/uploads\/2026\/03\/pexels-cottonbro-4101143.jpg","contentUrl":"https:\/\/maiteduran.es\/wp-content\/uploads\/2026\/03\/pexels-cottonbro-4101143.jpg"},{"@type":"BreadcrumbList","@id":"https:\/\/maiteduran.es\/ca\/serveis-psicoterapia-i-psicologia-coaching\/psicoterapia\/#breadcrumb","itemListElement":[{"@type":"ListItem","position":1,"name":"Portada","item":"https:\/\/maiteduran.es\/ca\/"},{"@type":"ListItem","position":2,"name":"Serveis de psicoter\u00e0pia i psicologia coaching","item":"https:\/\/maiteduran.es\/ca\/serveis-psicoterapia-i-psicologia-coaching\/"},{"@type":"ListItem","position":3,"name":"Psicoter\u00e0pia"}]},{"@type":"WebSite","@id":"https:\/\/maiteduran.es\/ca\/#website","url":"https:\/\/maiteduran.es\/ca\/","name":"Maite Duran","description":"","publisher":{"@id":"https:\/\/maiteduran.es\/ca\/#organization"},"potentialAction":[{"@type":"SearchAction","target":{"@type":"EntryPoint","urlTemplate":"https:\/\/maiteduran.es\/ca\/?s={search_term_string}"},"query-input":{"@type":"PropertyValueSpecification","valueRequired":true,"valueName":"search_term_string"}}],"inLanguage":"ca"},{"@type":"Organization","@id":"https:\/\/maiteduran.es\/ca\/#organization","name":"Maite Duran","url":"https:\/\/maiteduran.es\/ca\/","logo":{"@type":"ImageObject","inLanguage":"ca","@id":"https:\/\/maiteduran.es\/ca\/#\/schema\/logo\/image\/","url":"https:\/\/maiteduran.es\/wp-content\/uploads\/2022\/03\/logo-maiteduran-web.png","contentUrl":"https:\/\/maiteduran.es\/wp-content\/uploads\/2022\/03\/logo-maiteduran-web.png","width":864,"height":226,"caption":"Maite Duran"},"image":{"@id":"https:\/\/maiteduran.es\/ca\/#\/schema\/logo\/image\/"}}]}},"_links":{"self":[{"href":"https:\/\/maiteduran.es\/ca\/wp-json\/wp\/v2\/pages\/25310","targetHints":{"allow":["GET"]}}],"collection":[{"href":"https:\/\/maiteduran.es\/ca\/wp-json\/wp\/v2\/pages"}],"about":[{"href":"https:\/\/maiteduran.es\/ca\/wp-json\/wp\/v2\/types\/page"}],"author":[{"embeddable":true,"href":"https:\/\/maiteduran.es\/ca\/wp-json\/wp\/v2\/users\/1"}],"replies":[{"embeddable":true,"href":"https:\/\/maiteduran.es\/ca\/wp-json\/wp\/v2\/comments?post=25310"}],"version-history":[{"count":3,"href":"https:\/\/maiteduran.es\/ca\/wp-json\/wp\/v2\/pages\/25310\/revisions"}],"predecessor-version":[{"id":25528,"href":"https:\/\/maiteduran.es\/ca\/wp-json\/wp\/v2\/pages\/25310\/revisions\/25528"}],"up":[{"embeddable":true,"href":"https:\/\/maiteduran.es\/ca\/wp-json\/wp\/v2\/pages\/271"}],"wp:attachment":[{"href":"https:\/\/maiteduran.es\/ca\/wp-json\/wp\/v2\/media?parent=25310"}],"curies":[{"name":"wp","href":"https:\/\/api.w.org\/{rel}","templated":true}]}}